{"id":41,"date":"2017-04-29T14:39:26","date_gmt":"2017-04-29T14:39:26","guid":{"rendered":"http:\/\/haus.konkreet.ch\/?page_id=41"},"modified":"2025-12-22T12:18:17","modified_gmt":"2025-12-22T12:18:17","slug":"haus-konkreet","status":"publish","type":"page","link":"https:\/\/haus.konkreet.ch\/","title":{"rendered":"haus konkreet"},"content":{"rendered":"<p>[et_pb_section fb_built=&#8220;1&#8243; custom_padding_last_edited=&#8220;on|phone&#8220; admin_label=&#8220;section&#8220; module_id=&#8220;home&#8220; _builder_version=&#8220;4.20.0&#8243; background_color=&#8220;#cccccc&#8220; background_image=&#8220;http:\/\/haus.konkreet.ch\/wp-content\/uploads\/2018\/08\/startbild-website-neu-e1766396639738.jpg&#8220; parallax=&#8220;on&#8220; custom_padding=&#8220;200px||200px||false|&#8220; custom_padding_tablet=&#8220;&#8220; custom_padding_phone=&#8220;&#8220; collapsed=&#8220;off&#8220; global_colors_info=&#8220;{}&#8220;][et_pb_row admin_label=&#8220;row&#8220; _builder_version=&#8220;4.20.0&#8243; background_size=&#8220;initial&#8220; background_position=&#8220;top_left&#8220; background_repeat=&#8220;repeat&#8220; global_colors_info=&#8220;{}&#8220;][et_pb_column type=&#8220;4_4&#8243; _builder_version=&#8220;4.16&#8243; custom_padding=&#8220;|||&#8220; global_colors_info=&#8220;{}&#8220; custom_padding__hover=&#8220;|||&#8220;][et_pb_blurb title=&#8220;Haus konkreet&#8220; image=&#8220;http:\/\/haus.konkreet.ch\/wp-content\/uploads\/2018\/07\/Haus-konkreet-am-See-Logo-ee.png&#8220; icon_placement=&#8220;left&#8220; content_max_width=&#8220;903px&#8220; admin_label=&#8220;Verein Haus konkreet&#8220; _builder_version=&#8220;4.20.0&#8243; header_level=&#8220;h1&#8243; header_font=&#8220;|700|||||||&#8220; body_font=&#8220;||||||||&#8220; background_color=&#8220;rgba(255,255,255,0.46)&#8220; background_size=&#8220;initial&#8220; background_position=&#8220;top_left&#8220; background_repeat=&#8220;repeat&#8220; max_width_tablet=&#8220;50px&#8220; custom_padding=&#8220;30px|20px|30px|20px&#8220; border_radii=&#8220;on|4px|4px|4px|4px&#8220; border_color_all=&#8220;#777777&#8243; use_border_color=&#8220;on&#8220; border_color=&#8220;#777777&#8243; global_colors_info=&#8220;{}&#8220;]<\/p>\n<h4><strong>F\u00fcr starke Wurzeln<\/strong><\/h4>\n<h4>Der Verein Haus konkreet engagierte sich von 2017 bis 2025 im Bereich Pr\u00e4vention psychische Gesundheit von Kindern und Jugendlichen.<\/h4>\n<p>[\/et_pb_blurb][\/et_pb_column][\/et_pb_row][\/et_pb_section][et_pb_section fb_built=&#8220;1&#8243; disabled_on=&#8220;off|off|off&#8220; module_id=&#8220;kurse&#8220; _builder_version=&#8220;4.16&#8243; background_color=&#8220;#d8dd01&#8243; global_colors_info=&#8220;{}&#8220;][et_pb_row _builder_version=&#8220;4.20.0&#8243; background_size=&#8220;initial&#8220; background_position=&#8220;top_left&#8220; background_repeat=&#8220;repeat&#8220; width=&#8220;76%&#8220; global_colors_info=&#8220;{}&#8220;][et_pb_column type=&#8220;4_4&#8243; _builder_version=&#8220;4.16&#8243; custom_padding=&#8220;|||&#8220; global_colors_info=&#8220;{}&#8220; custom_padding__hover=&#8220;|||&#8220;][et_pb_text admin_label=&#8220;Kurse&#8220; _builder_version=&#8220;4.20.0&#8243; global_colors_info=&#8220;{}&#8220;]<\/p>\n<h2>Geschichchte des Vereins Haus konkreet 2017 &#8211; 2025<\/h2>\n<h3>Verabschiedung mit Dankbarkeit<\/h3>\n<p>[\/et_pb_text][\/et_pb_column][\/et_pb_row][et_pb_row admin_label=&#8220;row&#8220; _builder_version=&#8220;4.20.0&#8243; background_size=&#8220;initial&#8220; background_position=&#8220;top_left&#8220; background_repeat=&#8220;repeat&#8220; width=&#8220;76%&#8220; custom_margin=&#8220;-27px|auto||auto||&#8220; global_colors_info=&#8220;{}&#8220;][et_pb_column type=&#8220;4_4&#8243; _builder_version=&#8220;4.16&#8243; custom_padding=&#8220;|||&#8220; global_colors_info=&#8220;{}&#8220; custom_padding__hover=&#8220;|||&#8220;][et_pb_blurb content_max_width=&#8220;1100px&#8220; admin_label=&#8220;Kurzbeschrieb&#8220; _builder_version=&#8220;4.20.0&#8243; body_font_size=&#8220;18px&#8220; background_size=&#8220;initial&#8220; background_position=&#8220;top_left&#8220; background_repeat=&#8220;repeat&#8220; max_width_tablet=&#8220;50px&#8220; global_colors_info=&#8220;{}&#8220;]<\/p>\n<p>Hinter jedem Verein stehen Menschen und hinter jedem Menschen steht eine Geschichte. Jede einzelne Person, welche sich in den vergangenen 8 Jahren f\u00fcr den Verein engagierte, tat dies aufgrund einer pers\u00f6nlichen Motivation. Diese war gepaart mit viel Herzblut und dem Wissen, dass in der Schweiz ungef\u00e4hr 400`000 Kinder mit einem psychisch belasteten Elternteil aufwachsen.<br \/>Das innere Feuer f\u00fcr die betroffenen Kinder und deren Familien brannte bis zuletzt, mit der Hoffnung, sie durch die Workshops und Ferienwochen auf ihrem durch Herausforderungen gepr\u00e4gten Weg zu begleiten und pr\u00e4ventiv ihre psychische Gesundheit zu st\u00e4rken.<\/p>\n<p>Wir durften in den Workshops und Ferienwochen viele Kinder, Jugendliche und deren Familien kennenlernen. Es war jeweils sehr ber\u00fchrend mitzuerleben, wie schnell sich die Teilnehmenden der Gruppen vertrauten, sich austauschten und einander Halt gaben. Durch die Workshops sind einige Freundschaften zwischen den Kindern und Jugendlichen entstanden, was uns sehr freut. Es war eindr\u00fccklich mitzuerleben, wie das gemeinsame Thema, einen Elternteil oder ein Geschwister mit einer psychischen Erkrankung zu haben, die Kinder und Jugendlichen zusammenschweisste. Diese st\u00e4rkenden Erlebnisse werden uns in guter Erinnerung bleiben.<\/p>\n<p>Auf der anderen Seite bestand die gr\u00f6sste Herausforderung darin, gen\u00fcgend Anmeldungen f\u00fcr die Workshops zu erhalten. Vielen Familien war es nicht m\u00f6glich, drei Termine verbindlich abzumachen und ihre Kinder zum jeweiligen Treffpunkt zu begleiten. Trotz sehr guter Vernetzung in der Fachwelt, der Niederschwelligkeit des Projektes und der finanziellen Unterst\u00fctzung f\u00fcr die Familien, war die H\u00fcrde bis zur Anmeldung f\u00fcr viele Familien zu hoch.<\/p>\n<p>Nach einigen strategischen Anpassungen und reiflicher \u00dcberlegung kamen der Vorstand und die Fachleitung im Herbst 2025 deshalb zum Entschluss, den Verein Haus konkreet aufzul\u00f6sen und die freiwerdenden zeitlichen Ressourcen anderweitig f\u00fcr Kinder und Jugendliche einzusetzen.<\/p>\n<p>Mit Dankbarkeit schauen wir auf die vielen gemeinsamen Jahre zur\u00fcck und erinnern uns gerne an alle Kinder, Jugendlichen und Eltern, welche wir in dieser Zeit kennenlernen und ein St\u00fcck auf ihrem Weg begleiten durften.<\/p>\n<p>Gleichzeitig war es eine grosse Bereicherung, sich mit vielen Fachpersonen und Institutionen zu vernetzen und gemeinsam die gleichen Ziele zu verfolgen.<\/p>\n<p>Wir danken allen, welche wir aufgrund unseres Engagements kennenlernen durften f\u00fcr die lehrreichen, ber\u00fchrenden und vertrauensvollen Begegnungen.<\/p>\n<p>Wir w\u00fcnschen Ihnen allen alles Gute, viel Zuversicht und Mut.<br \/>Der Vorstand und die Fachleitung<\/p>\n<p>[\/et_pb_blurb][\/et_pb_column][\/et_pb_row][\/et_pb_section][et_pb_section fb_built=&#8220;1&#8243; disabled_on=&#8220;off|off|off&#8220; module_id=&#8220;angebot&#8220; _builder_version=&#8220;4.16&#8243; background_color=&#8220;#a9ad00&#8243; global_colors_info=&#8220;{}&#8220;][et_pb_row _builder_version=&#8220;4.16&#8243; global_colors_info=&#8220;{}&#8220;][et_pb_column type=&#8220;4_4&#8243; _builder_version=&#8220;4.16&#8243; custom_padding=&#8220;|||&#8220; global_colors_info=&#8220;{}&#8220; custom_padding__hover=&#8220;|||&#8220;][et_pb_post_slider posts_number=&#8220;6&#8243; include_categories=&#8220;7&#8243; show_pagination=&#8220;off&#8220; show_more_button=&#8220;off&#8220; content_source=&#8220;on&#8220; show_meta=&#8220;off&#8220; show_image=&#8220;off&#8220; use_bg_overlay=&#8220;off&#8220; use_text_overlay=&#8220;off&#8220; admin_label=&#8220;Zitate&#8220; _builder_version=&#8220;4.20.0&#8243; body_font_size=&#8220;17px&#8220; background_color=&#8220;#a9ad00&#8243; custom_padding=&#8220;0px|0px|0px|0px&#8220; custom_padding_tablet=&#8220;|||&#8220; custom_padding_phone=&#8220;|||&#8220; auto=&#8220;on&#8220; auto_speed=&#8220;15000&#8243; top_padding=&#8220;0px&#8220; bottom_padding=&#8220;0px&#8220; remove_inner_shadow=&#8220;on&#8220; show_inner_shadow=&#8220;off&#8220; global_colors_info=&#8220;{}&#8220; button_text_size__hover_enabled=&#8220;off&#8220; button_one_text_size__hover_enabled=&#8220;off&#8220; button_two_text_size__hover_enabled=&#8220;off&#8220; button_text_color__hover_enabled=&#8220;off&#8220; button_one_text_color__hover_enabled=&#8220;off&#8220; button_two_text_color__hover_enabled=&#8220;off&#8220; button_border_width__hover_enabled=&#8220;off&#8220; button_one_border_width__hover_enabled=&#8220;off&#8220; button_two_border_width__hover_enabled=&#8220;off&#8220; button_border_color__hover_enabled=&#8220;off&#8220; button_one_border_color__hover_enabled=&#8220;off&#8220; button_two_border_color__hover_enabled=&#8220;off&#8220; button_border_radius__hover_enabled=&#8220;off&#8220; button_one_border_radius__hover_enabled=&#8220;off&#8220; button_two_border_radius__hover_enabled=&#8220;off&#8220; button_letter_spacing__hover_enabled=&#8220;off&#8220; button_one_letter_spacing__hover_enabled=&#8220;off&#8220; button_two_letter_spacing__hover_enabled=&#8220;off&#8220; button_bg_color__hover_enabled=&#8220;off&#8220; button_one_bg_color__hover_enabled=&#8220;off&#8220; button_two_bg_color__hover_enabled=&#8220;off&#8220;]&nbsp;<br \/>\n[\/et_pb_post_slider][\/et_pb_column][\/et_pb_row][\/et_pb_section][et_pb_section fb_built=&#8220;1&#8243; disabled_on=&#8220;on|on|on&#8220; admin_label=&#8220;section&#8220; module_id=&#8220;kurzbeschrieb&#8220; _builder_version=&#8220;4.16&#8243; background_color=&#8220;#e9eac6&#8243; parallax=&#8220;on&#8220; disabled=&#8220;on&#8220; global_colors_info=&#8220;{}&#8220;][et_pb_row _builder_version=&#8220;4.16&#8243; background_size=&#8220;initial&#8220; background_position=&#8220;top_left&#8220; background_repeat=&#8220;repeat&#8220; global_colors_info=&#8220;{}&#8220;][et_pb_column type=&#8220;4_4&#8243; _builder_version=&#8220;4.16&#8243; custom_padding=&#8220;|||&#8220; global_colors_info=&#8220;{}&#8220; custom_padding__hover=&#8220;|||&#8220;][et_pb_text admin_label=&#8220;Ferienangebot&#8220; _builder_version=&#8220;4.16&#8243; background_size=&#8220;initial&#8220; background_position=&#8220;top_left&#8220; background_repeat=&#8220;repeat&#8220; global_colors_info=&#8220;{}&#8220;]<\/p>\n<h2>Du bewegst deine Geschichte<\/h2>\n<h3>Pers\u00f6nlichkeitstraining f\u00fcr Kinder und Jugendliche mit belastetem Alltag<\/h3>\n<p><strong>Dieses Angebot wird inhaltlich und strukturell \u00fcberarbeitet. N\u00e4here Informationen folgen.<\/strong><\/p>\n<p>[\/et_pb_text][\/et_pb_column][\/et_pb_row][et_pb_row column_structure=&#8220;1_3,1_3,1_3&#8243; admin_label=&#8220;row&#8220; _builder_version=&#8220;4.16&#8243; background_size=&#8220;initial&#8220; background_position=&#8220;top_left&#8220; background_repeat=&#8220;repeat&#8220; global_colors_info=&#8220;{}&#8220;][et_pb_column type=&#8220;1_3&#8243; _builder_version=&#8220;4.16&#8243; custom_padding=&#8220;|||&#8220; global_colors_info=&#8220;{}&#8220; custom_padding__hover=&#8220;|||&#8220;][et_pb_blurb title=&#8220;Kurzbeschrieb&#8220; admin_label=&#8220;Kurzbeschrieb&#8220; _builder_version=&#8220;4.16&#8243; background_size=&#8220;initial&#8220; background_position=&#8220;top_left&#8220; background_repeat=&#8220;repeat&#8220; global_colors_info=&#8220;{}&#8220;]<\/p>\n<p><strong>Die Teilnehmenden erarbeiten sich ihre pers\u00f6nliche \u00abRessourcenkiste\u00bb als St\u00e4rkung, Mutmacherin und Schatztruhe f\u00fcr den Alltag. Das Angebot umfasst zweimal eine Trainingswoche in der Ferienzeit.<\/strong><\/p>\n<p><strong>Haus konkreet<\/strong> bietet eine mehrt\u00e4gige Auszeit in der Natur, f\u00fcr Kinder und Jugendliche welche in ihrem Alltag mit gr\u00f6sseren Herausforderungen konfrontiert sind.<\/p>\n<p>Sie finden die notwendige Ruhe und Begleitung, um sich mit ihrer Lebensgeschichte auseinanderzusetzen und neue Handlungsm\u00f6glichkeiten f\u00fcr den Alltag zu erlernen. Die Auszeit findet w\u00e4hrend der Schulferien in einer konstanten, kleinen Gruppe statt.<\/p>\n<p>[\/et_pb_blurb][\/et_pb_column][et_pb_column type=&#8220;1_3&#8243; _builder_version=&#8220;4.16&#8243; custom_padding=&#8220;|||&#8220; global_colors_info=&#8220;{}&#8220; custom_padding__hover=&#8220;|||&#8220;][et_pb_gallery gallery_ids=&#8220;278,280,281,284&#8243; fullwidth=&#8220;on&#8220; disabled_on=&#8220;on|off|off&#8220; _builder_version=&#8220;4.16&#8243; auto=&#8220;on&#8220; auto_speed=&#8220;5000&#8243; global_colors_info=&#8220;{}&#8220;]&nbsp;<br \/>\n[\/et_pb_gallery][\/et_pb_column][et_pb_column type=&#8220;1_3&#8243; _builder_version=&#8220;4.16&#8243; custom_padding=&#8220;|||&#8220; global_colors_info=&#8220;{}&#8220; custom_padding__hover=&#8220;|||&#8220;][et_pb_blurb title=&#8220;Angebot und Ziele&#8220; admin_label=&#8220;Angebot &#038; Ziele&#8220; _builder_version=&#8220;4.16&#8243; background_size=&#8220;initial&#8220; background_position=&#8220;top_left&#8220; background_repeat=&#8220;repeat&#8220; global_colors_info=&#8220;{}&#8220;]<\/p>\n<p><strong>Bereits in jungen Jahren kann sich ein Mensch in einer Lebenssituation befinden, in welcher er auf Unterst\u00fctzung durch Dritte angewiesen ist bzw. diese Unterst\u00fctzung seine Alltagssituation massgeblich verbessert.<\/strong><\/p>\n<p>W\u00e4hrend der beiden Module steht die St\u00e4rkung der eigenen Wurzeln im Zentrum.<\/p>\n<p>Das Trainingsprogramm stellt den Kindern und Jugendlichen neue Werkzeuge f\u00fcr die Bew\u00e4ltigung ihrer herausfordernden Lebenssituationen zur Verf\u00fcgung.<\/p>\n<p>Die Verinnerlichung geschieht prozesshaft, die neuen Handlungsm\u00f6glichkeiten werden im Training erprobt und danach im Alltag umgesetzt.<\/p>\n<p>Das Selbstvertrauen wird gest\u00e4rkt, die Teilnehmenden erkennen ihre Ressourcen und erleben sich dadurch positiv. Neue Kontakte werden gekn\u00fcpft, Freundschaften k\u00f6nnen entstehen.<\/p>\n<p>[\/et_pb_blurb][\/et_pb_column][\/et_pb_row][et_pb_row disabled_on=&#8220;off|off|off&#8220; _builder_version=&#8220;4.16&#8243; background_size=&#8220;initial&#8220; background_position=&#8220;top_left&#8220; background_repeat=&#8220;repeat&#8220; global_colors_info=&#8220;{}&#8220;][et_pb_column type=&#8220;4_4&#8243; _builder_version=&#8220;4.16&#8243; custom_padding=&#8220;|||&#8220; global_colors_info=&#8220;{}&#8220; custom_padding__hover=&#8220;|||&#8220;][et_pb_tabs disabled_on=&#8220;on|on|on&#8220; _builder_version=&#8220;4.16&#8243; background_size=&#8220;initial&#8220; background_position=&#8220;top_left&#8220; background_repeat=&#8220;repeat&#8220; disabled=&#8220;on&#8220; global_colors_info=&#8220;{}&#8220;][et_pb_tab title=&#8220;Angebot&#8220; _builder_version=&#8220;4.16&#8243; tab_font=&#8220;||||||||&#8220; global_colors_info=&#8220;{}&#8220;]<\/p>\n<p><strong>Pers\u00f6nlichkeitstraining f\u00fcr Kinder und Jugendliche<\/strong><\/p>\n<p><strong>Bereits in jungen Jahren kann sich ein Mensch in einer Lebenssituation befinden, in welcher er auf Unterst\u00fctzung durch Dritte angewiesen ist bzw. diese Unterst\u00fctzung seine Alltagssituation massgeblich verbessert.<\/strong> Das Angebot von Haus konkreet mit den beiden Trainingswochen eignet sich insbesondere f\u00fcr Personen, welche sich in einer unten aufgef\u00fchrten Situation befinden oder entsprechende Anzeichen in ihrem Alltag zeigen. <strong>M\u00f6gliche \u2028Anzeichen und \u2028Situationen<\/strong><\/p>\n<p>&nbsp;<\/p>\n<ul>\n<li>\u00dcberforderung mit der eigenen Lebenssituation<\/li>\n<li>Mobbing<\/li>\n<li>ADHS oder ADS<\/li>\n<li>Schlafst\u00f6rungen<\/li>\n<li>Eltern oder ein Elternteil mit einer psychischen Erkrankung<\/li>\n<li>Eltern oder ein Elternteil mit einer Suchtthematik<\/li>\n<li>Verhaltensauff\u00e4lligkeit<\/li>\n<li>Angstst\u00f6rung<\/li>\n<li>Chronische Krankheit<\/li>\n<li>Waise oder Halbwaise<\/li>\n<li>Geschwister mit einer (mehrfachen) Beeintr\u00e4chtigung<\/li>\n<li>Aussenseiter\/in<\/li>\n<li>Konzentrations- und Aufnahmeschwierigkeiten<\/li>\n<li>Coming Out<\/li>\n<li>Fehlende Anschlussl\u00f6sung nach der Schulzeit<\/li>\n<\/ul>\n<p><strong>Alter: <\/strong>Das Mindestalter betr\u00e4gt 10 Jahre. Nach pers\u00f6nlicher R\u00fccksprache bereits ab 9 Jahren m\u00f6glich.<br \/> <strong>Kosten: <\/strong>Beitrag pro TeilnehmerIn f\u00fcr je ein Modul: \u2028CHF 850.&#8211; Im Preis inbegriffen sind alle Kosten f\u00fcr das Trainingsprogramm, die \u00dcbernachtungen, das Essen und die Ausfl\u00fcge. Nicht inbegriffen sind Reisekosten und spezifische Auslagen (Medikamente u.\u00e4.). Die effektiven Kosten pro Teilnehmer\/in pro Woche betragen rund CHF 4\u2019500. Diese weiteren Kosten werden durch Beitr\u00e4ge der Gemeinden, Kantone, Stiftungen und durch Spenden gedeckt.<\/p>\n<p><strong>Ablauf<\/strong><\/p>\n<ol>\n<li>Interesse: \u2028Voranmeldung via Kontaktformular oder telefonisch. \u2028Es folgt ein pers\u00f6nliches Gespr\u00e4ch zum Kennenlernen mit dem Team konkreet.<\/li>\n<li>Anmeldung: \u2028Die verbindliche Anmeldung gilt f\u00fcr die Module I und II. \u2028F\u00fcr die Teilnahme wird ein Vertrag beidseitig unterzeichnet.<\/li>\n<li>Vorbereitung: \u2028Im letzten Monat vor Beginn des Moduls I erfolgt eine zweite telefonische Absprache oder ein pers\u00f6nliches Gespr\u00e4ch.<\/li>\n<li>Nachbereitung: \u2028Die Auswertungsgespr\u00e4che nach dem Modul I und II finden\u00a0gemeinsam mit den Teilnehmenden und deren Bezugspersonen statt.<\/li>\n<\/ol>\n<p><strong>Anmeldung: <\/strong>Jeweils 4\u00a0Wochen vor Beginn des ersten Moduls. Die genauen Termine k\u00f6nnen Sie dem Portrait im Download entnehmen. \u2028Die Anmeldungen werden nach Eingang ber\u00fccksichtigt.<\/p>\n<p>[\/et_pb_tab][\/et_pb_tabs][et_pb_text _builder_version=&#8220;4.16&#8243; header_font=&#8220;||||||||&#8220; global_colors_info=&#8220;{}&#8220;]<\/p>\n<h5><strong>Allgemeine Informationen und Ablauf<\/strong><\/h5>\n<p><strong><\/strong><\/p>\n<p>Das Angebot\u00a0\u00abDu bewegst deine Geschichte\u00bb\u00a0mit den beiden Trainingswochen eignet sich insbesondere f\u00fcr Kinder und Jugendliche, welche sich in einer der unten aufgef\u00fchrten Situationen befinden oder entsprechende Anzeichen in ihrem Alltag zeigen.<\/p>\n<p><strong>M\u00f6gliche \u2028Anzeichen und \u2028Situationen<\/strong><\/p>\n<ul>\n<li>\u00dcberforderung mit der eigenen Lebenssituation<\/li>\n<li>Mobbing<\/li>\n<li>ADHS oder ADS<\/li>\n<li>Schlafst\u00f6rungen<\/li>\n<li>Eltern oder ein Elternteil mit einer psychischen Erkrankung<\/li>\n<li>Eltern oder ein Elternteil mit einer Suchtthematik<\/li>\n<li>Verhaltensauff\u00e4lligkeit<\/li>\n<li>Angstst\u00f6rung<\/li>\n<li>Chronische Krankheit<\/li>\n<li>Waise oder Halbwaise<\/li>\n<li>Geschwister mit einer (mehrfachen) Beeintr\u00e4chtigung<\/li>\n<li>Aussenseiter\/in<\/li>\n<li>Konzentrations- und Aufnahmeschwierigkeiten<\/li>\n<li>Coming Out<\/li>\n<li>Fehlende Anschlussl\u00f6sung nach der Schulzeit<\/li>\n<\/ul>\n<p><strong>Alter<br \/> <\/strong>Training f\u00fcr Kinder: 10 &#8211; 13 Jahre (nach R\u00fccksprache bereits ab 9 Jahren m\u00f6glich)<br \/> Training f\u00fcr Jugendliche: ab 14 Jahren<\/p>\n<p><strong>Gruppengr\u00f6sse<br \/> <\/strong>Max. 6 Teilnehmer*innen pro Kurs<\/p>\n<p><strong>Kosten<br \/> <\/strong>CHF 850.- pro Teilnehmer*in\/pro Modul, inkl. Verpflegung &amp; \u00dcbernachtung,<br \/> Sonderkonditionen bei Finanzierungsschwierigkeiten m\u00f6glich.<\/p>\n<p><strong>Anmeldung<br \/> <\/strong>Die Anmeldungen werden nach Eingang ber\u00fccksichtigt.<\/p>\n<p>[\/et_pb_text][\/et_pb_column][\/et_pb_row][et_pb_row column_structure=&#8220;1_4,1_4,1_4,1_4&#8243; _builder_version=&#8220;4.16&#8243; background_size=&#8220;initial&#8220; background_position=&#8220;top_left&#8220; background_repeat=&#8220;repeat&#8220; global_colors_info=&#8220;{}&#8220;][et_pb_column type=&#8220;1_4&#8243; _builder_version=&#8220;4.16&#8243; custom_padding=&#8220;|||&#8220; global_colors_info=&#8220;{}&#8220; custom_padding__hover=&#8220;|||&#8220;][et_pb_blurb title=&#8220;Interesse&#8220; use_icon=&#8220;on&#8220; font_icon=&#8220;&#x3d;||divi||400&#8243; icon_color=&#8220;#ffffff&#8220; admin_label=&#8220;Interesse&#8220; _builder_version=&#8220;4.16&#8243; header_text_color=&#8220;#ffffff&#8220; body_text_color=&#8220;#ffffff&#8220; background_color=&#8220;#a9ad00&#8243; background_size=&#8220;initial&#8220; background_position=&#8220;top_left&#8220; background_repeat=&#8220;repeat&#8220; custom_padding=&#8220;30px|20px|30px|20px&#8220; border_width_all=&#8220;0px&#8220; border_color_all=&#8220;#777777&#8243; border_style_all=&#8220;solid&#8220; use_border_color=&#8220;on&#8220; border_color=&#8220;#777777&#8243; global_colors_info=&#8220;{}&#8220;]<\/p>\n<p>Voranmeldung via Kontaktformular oder telefonisch. \u2028Es folgt ein pers\u00f6nliches Gespr\u00e4ch.<\/p>\n<p>[\/et_pb_blurb][\/et_pb_column][et_pb_column type=&#8220;1_4&#8243; _builder_version=&#8220;4.16&#8243; custom_padding=&#8220;|||&#8220; global_colors_info=&#8220;{}&#8220; custom_padding__hover=&#8220;|||&#8220;][et_pb_blurb title=&#8220;Modul I&#8220; use_icon=&#8220;on&#8220; font_icon=&#8220;&#xe60d;||divi||400&#8243; icon_color=&#8220;#ffffff&#8220; admin_label=&#8220;Modul 1&#8243; _builder_version=&#8220;4.16&#8243; header_text_color=&#8220;#ffffff&#8220; body_text_color=&#8220;#ffffff&#8220; background_color=&#8220;#887734&#8243; background_size=&#8220;initial&#8220; background_position=&#8220;top_left&#8220; background_repeat=&#8220;repeat&#8220; custom_padding=&#8220;30px|20px|30px|20px&#8220; border_width_all=&#8220;0px&#8220; border_color_all=&#8220;#777777&#8243; border_style_all=&#8220;solid&#8220; use_border_color=&#8220;on&#8220; border_color=&#8220;#777777&#8243; global_colors_info=&#8220;{}&#8220;]<\/p>\n<p>Jedes Modul dauert 5 Tage und ist auf ein Zielpublikum zugeschnitten: Kinder oder Jugendliche.<\/p>\n<p>[\/et_pb_blurb][\/et_pb_column][et_pb_column type=&#8220;1_4&#8243; _builder_version=&#8220;4.16&#8243; custom_padding=&#8220;|||&#8220; global_colors_info=&#8220;{}&#8220; custom_padding__hover=&#8220;|||&#8220;][et_pb_blurb title=&#8220;Modul II&#8220; use_icon=&#8220;on&#8220; font_icon=&#8220;&#xe60d;||divi||400&#8243; icon_color=&#8220;#ffffff&#8220; admin_label=&#8220;Modul 2&#8243; _builder_version=&#8220;4.16&#8243; header_text_color=&#8220;#ffffff&#8220; body_text_color=&#8220;#ffffff&#8220; background_color=&#8220;#887734&#8243; background_size=&#8220;initial&#8220; background_position=&#8220;top_left&#8220; background_repeat=&#8220;repeat&#8220; custom_padding=&#8220;30px|20px|30px|20px&#8220; border_width_all=&#8220;0px&#8220; border_color_all=&#8220;#777777&#8243; border_style_all=&#8220;solid&#8220; use_border_color=&#8220;on&#8220; border_color=&#8220;#777777&#8243; global_colors_info=&#8220;{}&#8220;]<\/p>\n<p>Zwischen dem Modul I und II findet ein weiteres Gespr\u00e4ch statt. Schlussfolgerungen daraus werden im Modul II umgesetzt.<\/p>\n<p>[\/et_pb_blurb][\/et_pb_column][et_pb_column type=&#8220;1_4&#8243; _builder_version=&#8220;4.16&#8243; custom_padding=&#8220;|||&#8220; global_colors_info=&#8220;{}&#8220; custom_padding__hover=&#8220;|||&#8220;][et_pb_blurb title=&#8220;Begleitung&#8220; use_icon=&#8220;on&#8220; font_icon=&#8220;&#xe60f;||divi||400&#8243; icon_color=&#8220;#ffffff&#8220; admin_label=&#8220;Begleitung&#8220; _builder_version=&#8220;4.16&#8243; header_text_color=&#8220;#ffffff&#8220; body_text_color=&#8220;#ffffff&#8220; background_color=&#8220;#a9ad00&#8243; background_size=&#8220;initial&#8220; background_position=&#8220;top_left&#8220; background_repeat=&#8220;repeat&#8220; custom_padding=&#8220;30px|20px|30px|20px&#8220; border_width_all=&#8220;0px&#8220; border_color_all=&#8220;#777777&#8243; border_style_all=&#8220;solid&#8220; use_border_color=&#8220;on&#8220; border_color=&#8220;#777777&#8243; global_colors_info=&#8220;{}&#8220;]Auswertungsgespr\u00e4che nach den Modulen I und II finden gemeinsam mit den Teilnehmenden und deren Bezugspersonen statt.<br \/>\n[\/et_pb_blurb][\/et_pb_column][\/et_pb_row][et_pb_row column_structure=&#8220;1_3,1_3,1_3&#8243; _builder_version=&#8220;4.16&#8243; background_size=&#8220;initial&#8220; background_position=&#8220;top_left&#8220; background_repeat=&#8220;repeat&#8220; global_colors_info=&#8220;{}&#8220;][et_pb_column type=&#8220;1_3&#8243; _builder_version=&#8220;4.16&#8243; custom_padding=&#8220;|||&#8220; global_colors_info=&#8220;{}&#8220; custom_padding__hover=&#8220;|||&#8220;][et_pb_text admin_label=&#8220;Fr\u00fchling \/ Sommer&#8220; _builder_version=&#8220;4.16&#8243; background_size=&#8220;initial&#8220; background_position=&#8220;top_left&#8220; background_repeat=&#8220;repeat&#8220; global_colors_info=&#8220;{}&#8220;]<\/p>\n<h3>Fr\u00fchling \/ Sommer<\/h3>\n<p><strong><\/strong><\/p>\n<ul>\n<li><strong>Kinder von 10 bis 13 Jahren<br \/> Modul I<\/strong>\u00a0 und <strong>Modul II<\/strong><\/li>\n<li><strong>Jugendliche ab 14 Jahren<br \/> Modul I<\/strong>\u00a0 und <strong>Modul II<\/strong><\/li>\n<\/ul>\n<p><strong>Dieses Angebot wird inhaltlich und strukturell \u00fcberarbeitet. N\u00e4here Informationen folgen.<\/strong><\/p>\n<p>[\/et_pb_text][\/et_pb_column][et_pb_column type=&#8220;1_3&#8243; _builder_version=&#8220;4.16&#8243; custom_padding=&#8220;|||&#8220; global_colors_info=&#8220;{}&#8220; custom_padding__hover=&#8220;|||&#8220;][et_pb_text admin_label=&#8220;Sommer \/ Herbst&#8220; _builder_version=&#8220;4.16&#8243; background_size=&#8220;initial&#8220; background_position=&#8220;top_left&#8220; background_repeat=&#8220;repeat&#8220; global_colors_info=&#8220;{}&#8220;]<\/p>\n<h3>Sommer \/ Herbst<\/h3>\n<p><strong><\/strong><\/p>\n<ul>\n<li><strong>Kinder von 10 bis 13 Jahren<br \/> Modul I<\/strong>\u00a0und <strong>Modul II<\/strong><\/li>\n<li><strong>Jugendliche ab 14 Jahren<br \/> Modul I<\/strong>\u00a0und <strong>Modul II<\/strong><\/li>\n<\/ul>\n<p><strong>Dieses Angebot wird inhaltlich und strukturell \u00fcberarbeitet. N\u00e4here Informationen folgen.<\/strong><\/p>\n<p>[\/et_pb_text][\/et_pb_column][et_pb_column type=&#8220;1_3&#8243; _builder_version=&#8220;4.16&#8243; custom_padding=&#8220;|||&#8220; global_colors_info=&#8220;{}&#8220; custom_padding__hover=&#8220;|||&#8220;][et_pb_button button_url=&#8220;https:\/\/projektforum.typeform.com\/to\/mYBa9y&#8220; url_new_window=&#8220;on&#8220; button_text=&#8220;Erstgespr\u00e4ch vereinbaren&#8220; button_alignment=&#8220;center&#8220; admin_label=&#8220;Jetzt anmelden&#8220; _builder_version=&#8220;4.16&#8243; button_rel=&#8220;|on|||&#8220; global_colors_info=&#8220;{}&#8220; button_text_size__hover_enabled=&#8220;off&#8220; button_one_text_size__hover_enabled=&#8220;off&#8220; button_two_text_size__hover_enabled=&#8220;off&#8220; button_text_color__hover_enabled=&#8220;off&#8220; button_one_text_color__hover_enabled=&#8220;off&#8220; button_two_text_color__hover_enabled=&#8220;off&#8220; button_border_width__hover_enabled=&#8220;off&#8220; button_one_border_width__hover_enabled=&#8220;off&#8220; button_two_border_width__hover_enabled=&#8220;off&#8220; button_border_color__hover_enabled=&#8220;off&#8220; button_one_border_color__hover_enabled=&#8220;off&#8220; button_two_border_color__hover_enabled=&#8220;off&#8220; button_border_radius__hover_enabled=&#8220;off&#8220; button_one_border_radius__hover_enabled=&#8220;off&#8220; button_two_border_radius__hover_enabled=&#8220;off&#8220; button_letter_spacing__hover_enabled=&#8220;off&#8220; button_one_letter_spacing__hover_enabled=&#8220;off&#8220; button_two_letter_spacing__hover_enabled=&#8220;off&#8220; button_bg_color__hover_enabled=&#8220;off&#8220; button_one_bg_color__hover_enabled=&#8220;off&#8220; button_two_bg_color__hover_enabled=&#8220;off&#8220;]&nbsp;<br \/>\n[\/et_pb_button][et_pb_button button_url=&#8220;http:\/\/haus.konkreet.ch\/wp-content\/uploads\/2019\/09\/Du-bewegst-deine-Geschichte_web.pdf&#8220; url_new_window=&#8220;on&#8220; button_text=&#8220;Download Flyer&#8220; button_alignment=&#8220;center&#8220; disabled_on=&#8220;off|off|off&#8220; admin_label=&#8220;Download Flyer Ferienangebot&#8220; _builder_version=&#8220;4.16&#8243; button_icon=&#8220;&#x68;||divi||400&#8243; button_icon_placement=&#8220;left&#8220; saved_tabs=&#8220;all&#8220; global_colors_info=&#8220;{}&#8220; button_text_size__hover_enabled=&#8220;off&#8220; button_one_text_size__hover_enabled=&#8220;off&#8220; button_two_text_size__hover_enabled=&#8220;off&#8220; button_text_color__hover_enabled=&#8220;off&#8220; button_one_text_color__hover_enabled=&#8220;off&#8220; button_two_text_color__hover_enabled=&#8220;off&#8220; button_border_width__hover_enabled=&#8220;off&#8220; button_one_border_width__hover_enabled=&#8220;off&#8220; button_two_border_width__hover_enabled=&#8220;off&#8220; button_border_color__hover_enabled=&#8220;off&#8220; button_one_border_color__hover_enabled=&#8220;off&#8220; button_two_border_color__hover_enabled=&#8220;off&#8220; button_border_radius__hover_enabled=&#8220;off&#8220; button_one_border_radius__hover_enabled=&#8220;off&#8220; button_two_border_radius__hover_enabled=&#8220;off&#8220; button_letter_spacing__hover_enabled=&#8220;off&#8220; button_one_letter_spacing__hover_enabled=&#8220;off&#8220; button_two_letter_spacing__hover_enabled=&#8220;off&#8220; button_bg_color__hover_enabled=&#8220;off&#8220; button_one_bg_color__hover_enabled=&#8220;off&#8220; button_two_bg_color__hover_enabled=&#8220;off&#8220;]&nbsp;<br \/>\n[\/et_pb_button][\/et_pb_column][\/et_pb_row][\/et_pb_section][et_pb_section fb_built=&#8220;1&#8243; disabled_on=&#8220;on|on|on&#8220; module_id=&#8220;wochenendangebot&#8220; _builder_version=&#8220;4.16&#8243; background_color=&#8220;#d8dd01&#8243; disabled=&#8220;on&#8220; global_colors_info=&#8220;{}&#8220;][et_pb_row disabled_on=&#8220;on|on|on&#8220; _builder_version=&#8220;4.16&#8243; background_size=&#8220;initial&#8220; background_position=&#8220;top_left&#8220; background_repeat=&#8220;repeat&#8220; disabled=&#8220;on&#8220; global_colors_info=&#8220;{}&#8220;][et_pb_column type=&#8220;4_4&#8243; _builder_version=&#8220;4.16&#8243; custom_padding=&#8220;|||&#8220; global_colors_info=&#8220;{}&#8220; custom_padding__hover=&#8220;|||&#8220;][et_pb_text admin_label=&#8220;Wochenendangebot&#8220; _builder_version=&#8220;4.16&#8243; global_colors_info=&#8220;{}&#8220;]<\/p>\n<h2>Du stehst im Zentrum<\/h2>\n<h3>Pers\u00f6nlichkeitstraining f\u00fcr Jugendliche und junge Erwachsene mit einer kognitiven Beeintr\u00e4chtigung<\/h3>\n<p>[\/et_pb_text][\/et_pb_column][\/et_pb_row][et_pb_row column_structure=&#8220;1_3,1_3,1_3&#8243; disabled_on=&#8220;on|on|on&#8220; admin_label=&#8220;row&#8220; _builder_version=&#8220;4.16&#8243; background_size=&#8220;initial&#8220; background_position=&#8220;top_left&#8220; background_repeat=&#8220;repeat&#8220; disabled=&#8220;on&#8220; global_colors_info=&#8220;{}&#8220;][et_pb_column type=&#8220;1_3&#8243; _builder_version=&#8220;4.16&#8243; custom_padding=&#8220;|||&#8220; global_colors_info=&#8220;{}&#8220; custom_padding__hover=&#8220;|||&#8220;][et_pb_blurb title=&#8220;Kurzbeschrieb&#8220; admin_label=&#8220;Kurzbeschrieb&#8220; _builder_version=&#8220;4.16&#8243; background_size=&#8220;initial&#8220; background_position=&#8220;top_left&#8220; background_repeat=&#8220;repeat&#8220; max_width_tablet=&#8220;50px&#8220; global_colors_info=&#8220;{}&#8220;]<\/p>\n<p><strong>Du erf\u00e4hrst im Kurs, welches deine St\u00e4rken sind und wie du diese im Alltag in verschiedenen Situationen einsetzen kannst.<\/strong><\/p>\n<p>Zusammen mit der Gruppe verbringst du viel Zeit draussen in der Natur, mit Erlebnissen rund um dich und die anderen und mit Dingen, welche dir Spass machen. Dabei erf\u00e4hrst du viel \u00fcber dich und dein Wesen und \u00fcber deine Rolle in einem Team.<\/p>\n<p>Die Methodik wird der Gruppe und dem Alter angepasst. Erlebnisorientierte und gruppendynamische Elemente stehen im Vordergrund.<\/p>\n<p>[\/et_pb_blurb][et_pb_button button_url=&#8220;http:\/\/haus.konkreet.ch\/wp-content\/uploads\/2019\/09\/Du-stehst-im-Zentrum_web.pdf&#8220; url_new_window=&#8220;on&#8220; button_text=&#8220;Download Flyer (Wochenendangebot)&#8220; button_alignment=&#8220;center&#8220; disabled_on=&#8220;off|off|off&#8220; admin_label=&#8220;Download Flyer (Wochenendangebot)&#8220; _builder_version=&#8220;4.16&#8243; button_icon=&#8220;&#x68;||divi||400&#8243; button_icon_placement=&#8220;left&#8220; saved_tabs=&#8220;all&#8220; global_colors_info=&#8220;{}&#8220; button_text_size__hover_enabled=&#8220;off&#8220; button_one_text_size__hover_enabled=&#8220;off&#8220; button_two_text_size__hover_enabled=&#8220;off&#8220; button_text_color__hover_enabled=&#8220;off&#8220; button_one_text_color__hover_enabled=&#8220;off&#8220; button_two_text_color__hover_enabled=&#8220;off&#8220; button_border_width__hover_enabled=&#8220;off&#8220; button_one_border_width__hover_enabled=&#8220;off&#8220; button_two_border_width__hover_enabled=&#8220;off&#8220; button_border_color__hover_enabled=&#8220;off&#8220; button_one_border_color__hover_enabled=&#8220;off&#8220; button_two_border_color__hover_enabled=&#8220;off&#8220; button_border_radius__hover_enabled=&#8220;off&#8220; button_one_border_radius__hover_enabled=&#8220;off&#8220; button_two_border_radius__hover_enabled=&#8220;off&#8220; button_letter_spacing__hover_enabled=&#8220;off&#8220; button_one_letter_spacing__hover_enabled=&#8220;off&#8220; button_two_letter_spacing__hover_enabled=&#8220;off&#8220; button_bg_color__hover_enabled=&#8220;off&#8220; button_one_bg_color__hover_enabled=&#8220;off&#8220; button_two_bg_color__hover_enabled=&#8220;off&#8220;]&nbsp;<br \/>\n[\/et_pb_button][\/et_pb_column][et_pb_column type=&#8220;1_3&#8243; _builder_version=&#8220;4.16&#8243; custom_padding=&#8220;|||&#8220; global_colors_info=&#8220;{}&#8220; custom_padding__hover=&#8220;|||&#8220;][et_pb_gallery gallery_ids=&#8220;557,556,555&#8243; fullwidth=&#8220;on&#8220; disabled_on=&#8220;on|off|off&#8220; _builder_version=&#8220;4.16&#8243; auto=&#8220;on&#8220; auto_speed=&#8220;5000&#8243; global_colors_info=&#8220;{}&#8220;]&nbsp;<br \/>\n[\/et_pb_gallery][\/et_pb_column][et_pb_column type=&#8220;1_3&#8243; _builder_version=&#8220;4.16&#8243; custom_padding=&#8220;|||&#8220; global_colors_info=&#8220;{}&#8220; custom_padding__hover=&#8220;|||&#8220;][et_pb_blurb title=&#8220;Angebot&#8220; admin_label=&#8220;Angebot&#8220; _builder_version=&#8220;4.16&#8243; background_size=&#8220;initial&#8220; background_position=&#8220;top_left&#8220; background_repeat=&#8220;repeat&#8220; max_width_tablet=&#8220;50px&#8220; global_colors_info=&#8220;{}&#8220;]<\/p>\n<h5>Alter: Die Kurse sind nach Alter aufgeteilt<\/h5>\n<p>13-15 Jahre und ab 16 Jahren<\/p>\n<h5>Kursort<\/h5>\n<p>Haus konkreet<br \/> Rigiblickstrasse\u00a01a<br \/> 6353 Weggis<\/p>\n<h5>Dauer<\/h5>\n<p>Ein Kurs beinhaltet 2x ein verl\u00e4ngertes Wochenende.<br \/> Freitag, 15.00 Uhr bis Sonntag, 15.00 Uhr.<\/p>\n<h5>Kosten<\/h5>\n<p>Pro verl\u00e4ngertes Wochenende CHF 425.-,<br \/> inkl. \u00dcbernachtung, Verpflegung, Erst- und Abschlussgespr\u00e4ch. Sonderkonditionen bei Finanzierungsschwierigkeiten sind m\u00f6glich.<\/p>\n<p>[\/et_pb_blurb][et_pb_button button_url=&#8220;https:\/\/projektforum.typeform.com\/to\/kIXmDP&#8220; url_new_window=&#8220;on&#8220; button_text=&#8220;Anmeldung Wochenendeangebot&#8220; button_alignment=&#8220;center&#8220; disabled_on=&#8220;off|off|off&#8220; admin_label=&#8220;Anmeldung Wochenendeangebot&#8220; _builder_version=&#8220;4.16&#8243; button_icon=&#8220;&#x68;||divi||400&#8243; button_icon_placement=&#8220;left&#8220; saved_tabs=&#8220;all&#8220; global_colors_info=&#8220;{}&#8220; button_text_size__hover_enabled=&#8220;off&#8220; button_one_text_size__hover_enabled=&#8220;off&#8220; button_two_text_size__hover_enabled=&#8220;off&#8220; button_text_color__hover_enabled=&#8220;off&#8220; button_one_text_color__hover_enabled=&#8220;off&#8220; button_two_text_color__hover_enabled=&#8220;off&#8220; button_border_width__hover_enabled=&#8220;off&#8220; button_one_border_width__hover_enabled=&#8220;off&#8220; button_two_border_width__hover_enabled=&#8220;off&#8220; button_border_color__hover_enabled=&#8220;off&#8220; button_one_border_color__hover_enabled=&#8220;off&#8220; button_two_border_color__hover_enabled=&#8220;off&#8220; button_border_radius__hover_enabled=&#8220;off&#8220; button_one_border_radius__hover_enabled=&#8220;off&#8220; button_two_border_radius__hover_enabled=&#8220;off&#8220; button_letter_spacing__hover_enabled=&#8220;off&#8220; button_one_letter_spacing__hover_enabled=&#8220;off&#8220; button_two_letter_spacing__hover_enabled=&#8220;off&#8220; button_bg_color__hover_enabled=&#8220;off&#8220; button_one_bg_color__hover_enabled=&#8220;off&#8220; button_two_bg_color__hover_enabled=&#8220;off&#8220;]&nbsp;<br \/>\n[\/et_pb_button][\/et_pb_column][\/et_pb_row][et_pb_row disabled_on=&#8220;on|on|on&#8220; _builder_version=&#8220;4.16&#8243; background_size=&#8220;initial&#8220; background_position=&#8220;top_left&#8220; background_repeat=&#8220;repeat&#8220; disabled=&#8220;on&#8220; global_colors_info=&#8220;{}&#8220;][et_pb_column type=&#8220;4_4&#8243; _builder_version=&#8220;4.16&#8243; custom_padding=&#8220;|||&#8220; global_colors_info=&#8220;{}&#8220; custom_padding__hover=&#8220;|||&#8220;][et_pb_text admin_label=&#8220;Termine Wochenendangebot&#8220; _builder_version=&#8220;4.16&#8243; global_colors_info=&#8220;{}&#8220;]<\/p>\n<h3 class=\"disabled name formatted_content\">Termine Wochenendangebot<\/h3>\n<p>Freitag, 15.00 Uhr bis Sonntag, 15.00 Uhr<br \/>\n[\/et_pb_text][\/et_pb_column][\/et_pb_row][et_pb_row column_structure=&#8220;1_3,1_3,1_3&#8243; disabled_on=&#8220;on|on|on&#8220; _builder_version=&#8220;4.16&#8243; background_size=&#8220;initial&#8220; background_position=&#8220;top_left&#8220; background_repeat=&#8220;repeat&#8220; disabled=&#8220;on&#8220; global_colors_info=&#8220;{}&#8220;][et_pb_column type=&#8220;1_3&#8243; _builder_version=&#8220;4.16&#8243; custom_padding=&#8220;|||&#8220; global_colors_info=&#8220;{}&#8220; custom_padding__hover=&#8220;|||&#8220;][et_pb_blurb title=&#8220;2019: ab 16 Jahren&#8220; admin_label=&#8220;PTKB ab 16 Jahren&#8220; _builder_version=&#8220;4.16&#8243; header_text_color=&#8220;#ffffff&#8220; body_text_color=&#8220;#ffffff&#8220; background_color=&#8220;#a9ad00&#8243; background_size=&#8220;initial&#8220; background_position=&#8220;top_left&#8220; background_repeat=&#8220;repeat&#8220; max_width_tablet=&#8220;50px&#8220; custom_padding=&#8220;30px|20px|30px|20px&#8220; border_color_all=&#8220;#777777&#8243; use_border_color=&#8220;on&#8220; border_color=&#8220;#777777&#8243; global_colors_info=&#8220;{}&#8220;]<\/p>\n<ul>\n<li>Modul I: Freitag, 15. November 2019 bis Sonntag, 17. November 2019<\/li>\n<li>Modul II: Freitag, 29. November 2019 bis Sonntag, 01. Dezember 2019<\/li>\n<\/ul>\n<p>[\/et_pb_blurb][\/et_pb_column][et_pb_column type=&#8220;1_3&#8243; _builder_version=&#8220;4.16&#8243; custom_padding=&#8220;|||&#8220; global_colors_info=&#8220;{}&#8220; custom_padding__hover=&#8220;|||&#8220;][et_pb_blurb title=&#8220;2020: ab 16 Jahren&#8220; admin_label=&#8220;PTKB 13 &#8211; 15 Jahre&#8220; _builder_version=&#8220;4.16&#8243; header_text_color=&#8220;#ffffff&#8220; body_text_color=&#8220;#ffffff&#8220; background_color=&#8220;#a9ad00&#8243; background_size=&#8220;initial&#8220; background_position=&#8220;top_left&#8220; background_repeat=&#8220;repeat&#8220; max_width_tablet=&#8220;50px&#8220; custom_padding=&#8220;30px|20px|30px|20px&#8220; border_color_all=&#8220;#777777&#8243; use_border_color=&#8220;on&#8220; border_color=&#8220;#777777&#8243; global_colors_info=&#8220;{}&#8220;]<\/p>\n<ul>\n<li>Modul I: Freitag, 20. M\u00e4rz 2020 bis Sonntag, 22. M\u00e4rz 2020<\/li>\n<li>Modul II: Freitag, 03. April 2020 bis Sonntag, 05. April 2020<\/li>\n<\/ul>\n<p>[\/et_pb_blurb][\/et_pb_column][et_pb_column type=&#8220;1_3&#8243; _builder_version=&#8220;4.16&#8243; custom_padding=&#8220;|||&#8220; global_colors_info=&#8220;{}&#8220; custom_padding__hover=&#8220;|||&#8220;][et_pb_blurb title=&#8220;2020: 13 bis 15 Jahre&#8220; admin_label=&#8220;PTKB ab 16 Jahren&#8220; _builder_version=&#8220;4.16&#8243; header_text_color=&#8220;#ffffff&#8220; body_text_color=&#8220;#ffffff&#8220; background_color=&#8220;#a9ad00&#8243; background_size=&#8220;initial&#8220; background_position=&#8220;top_left&#8220; background_repeat=&#8220;repeat&#8220; max_width_tablet=&#8220;50px&#8220; custom_padding=&#8220;30px|20px|30px|20px&#8220; border_color_all=&#8220;#777777&#8243; use_border_color=&#8220;on&#8220; border_color=&#8220;#777777&#8243; global_colors_info=&#8220;{}&#8220;]<\/p>\n<ul>\n<li>Modul 1: Freitag, 15. Mai 2020 bis Sonntag, 17. Mai 2020<\/li>\n<li>Modul 2: Freitag, 05. Juni 2020 bis Sonntag, 07. Juni 2020<\/li>\n<\/ul>\n<p>[\/et_pb_blurb][\/et_pb_column][\/et_pb_row][et_pb_row disabled_on=&#8220;on|on|on&#8220; _builder_version=&#8220;4.16&#8243; background_size=&#8220;initial&#8220; background_position=&#8220;top_left&#8220; background_repeat=&#8220;repeat&#8220; disabled=&#8220;on&#8220; global_colors_info=&#8220;{}&#8220;][et_pb_column type=&#8220;4_4&#8243; _builder_version=&#8220;4.16&#8243; custom_padding=&#8220;|||&#8220; global_colors_info=&#8220;{}&#8220; custom_padding__hover=&#8220;|||&#8220;][et_pb_tabs admin_label=&#8220;Registerkarte PTkB&#8220; _builder_version=&#8220;4.16&#8243; background_size=&#8220;initial&#8220; background_position=&#8220;top_left&#8220; background_repeat=&#8220;repeat&#8220; global_colors_info=&#8220;{}&#8220;][et_pb_tab title=&#8220;Menschen \u2028mit einer\u2028 Beeintr\u00e4chtigung &#8220; _builder_version=&#8220;4.16&#8243; body_font=&#8220;||||&#8220; body_line_height=&#8220;2em&#8220; tab_font=&#8220;||||&#8220; tab_line_height=&#8220;2em&#8220; body_line_height_tablet=&#8220;2em&#8220; body_line_height_phone=&#8220;2em&#8220; tab_line_height_tablet=&#8220;2em&#8220; tab_line_height_phone=&#8220;2em&#8220; global_colors_info=&#8220;{}&#8220;]<\/p>\n<p><strong>Menschen mit einer Beeintr\u00e4chtigung stehen oft vor grossen Herausforderungen im Alltag. Sei dies, weil sie von der Umwelt produzierte Barrieren \u00fcberwinden m\u00fcssen, weil sie im kommunikativen Bereich an Grenzen stossen oder auch weil sie tagt\u00e4glich die R\u00fcckmeldung erhalten, dass sie anders sind als die Mehrheit der Menschen. Diese Erfahrungen k\u00f6nnen direkt, aber auch ganz subtil geschehen.<\/strong> Somit brauchen Menschen mit einer Beeintr\u00e4chtigung von klein an eine \u00abdickere Haut\u00bb als andere und ihr Selbstwertgef\u00fchl muss besonders gest\u00e4rkt werden. Es ist zentral, dass ihre Bed\u00fcrfnisse geh\u00f6rt und ernst genommen werden und ihr Recht auf Selbstbestimmung klar benannt wird. Im Haus konkreet zeigen wir ihnen individuelle Werkzeuge f\u00fcr die Alltagsbew\u00e4ltigung und trainieren deren Umgang. Idealerweise profitieren bereits Jugendliche von diesem Training &#8211; auch Erwachsenen mit Beeintr\u00e4chtigung ist eine Begleitung auf der Pers\u00f6nlichkeitsebene eine wertvolle Unterst\u00fctzung:<\/p>\n<ul>\n<li>Jugendliche aus einem separativen Schul-Setting<\/li>\n<li>Jugendliche aus einem integrativen Schul-Setting<\/li>\n<li>Junge Erwachsene, speziell in \u00dcbergangsphasen (Ausbildung)<\/li>\n<li>Erwachsene im Berufsalltag<\/li>\n<\/ul>\n<p>Unser Pers\u00f6nlichkeitstraining eignet sich f\u00fcr Menschen mit einer Beeintr\u00e4chtigung, welche in ihrem Alltag insofern selbst\u00e4ndig sind, dass sie f\u00fcr sich selbst sorgen k\u00f6nnen. Das Haus konkreet am See ist nicht barrierefrei, so dass wir Menschen, welche auf einen Rollstuhl angewiesen sind, nicht ins Training aufnehmen k\u00f6nnen. Falls sich eine Gruppe von 6 Personen aus einer Institution (oder auch privat) findet, bieten wir das Pers\u00f6nlichkeitstraining gerne in einer anderen, barrierefreien Unterkunft an. Nehmen Sie diesbez\u00fcglich mit uns Kontakt auf, damit wir gemeinsam eine L\u00f6sung finden. Momentan l\u00e4sst es der Betreuungsschl\u00fcssel nicht zu, dass wir pflegerische T\u00e4tigkeiten ausf\u00fchren. Wir sind jedoch offen f\u00fcr unkonventionelle L\u00f6sungen.<\/p>\n<p>[\/et_pb_tab][et_pb_tab title=&#8220;Gruppen \/ Partnerschaft&#8220; _builder_version=&#8220;4.16&#8243; body_font=&#8220;||||&#8220; body_line_height=&#8220;2em&#8220; tab_font=&#8220;||||&#8220; tab_line_height=&#8220;2em&#8220; body_line_height_tablet=&#8220;2em&#8220; body_line_height_phone=&#8220;2em&#8220; tab_line_height_tablet=&#8220;2em&#8220; tab_line_height_phone=&#8220;2em&#8220; global_colors_info=&#8220;{}&#8220;]&nbsp;<\/p>\n<div class=\"document_body\">\n<div class=\"disabled body formatted_content\" data-skip-stacker-links=\"\">\n<p>M\u00f6chten Sie als Institution unser Pers\u00f6nlichkeitstraining buchen? Nehmen Sie mit uns unverbindlich Kontakt auf, damit wir folgende Punkte besprechen k\u00f6nnen:<\/p>\n<ul>\n<li>Anliegen, W\u00fcnsche der Institution<\/li>\n<li>Zeitpunkt des Trainings (individuelle W\u00fcnsche werden nach M\u00f6glichkeit ber\u00fccksichtig)<\/li>\n<li>Teilnehmende der Institution (Alter, Anzahl etc.)<\/li>\n<\/ul>\n<p><b>Vorteile f\u00fcr die Institution<\/b><\/p>\n<ul>\n<li>Das Datum der beiden Module wird gemeinsam festgelegt.<\/li>\n<li>Auf individuelle Anliegen der Institution kann eingegangen werden.<\/li>\n<li>Die Gruppenzusammensetzung wird durch die Institution festgelegt.<\/li>\n<li>Die Teilnehmenden kennen sich bereits und k\u00f6nnen im sozialen Bereich auf etwas Bestehendes aufbauen.<\/li>\n<li>Die Teilnehmenden k\u00f6nnen sich im Alltag gegenseitig unterst\u00fctzen beim Trainieren der individuellen Ziele.<\/li>\n<\/ul>\n<p>Eine <b>gegenseitige schriftliche Vereinbarung<\/b> zwischen dem Verein Haus konkreet und der Institution regelt folgende Punkte:<\/p>\n<ul>\n<li>Zust\u00e4ndigkeit Teilnehmende<\/li>\n<li>Zust\u00e4ndigkeit Finanzierung<\/li>\n<li>Annullationsbestimmungen<\/li>\n<\/ul>\n<\/div>\n<\/div>\n<p>[\/et_pb_tab][\/et_pb_tabs][\/et_pb_column][\/et_pb_row][\/et_pb_section][et_pb_section fb_built=&#8220;1&#8243; module_id=&#8220;team&#8220; _builder_version=&#8220;4.16&#8243; custom_margin=&#8220;-1px|||||&#8220; custom_padding=&#8220;2px|||||&#8220; global_colors_info=&#8220;{}&#8220;][et_pb_row column_structure=&#8220;1_5,1_5,1_5,1_5,1_5&#8243; _builder_version=&#8220;4.16&#8243; background_size=&#8220;initial&#8220; background_position=&#8220;top_left&#8220; background_repeat=&#8220;repeat&#8220; global_colors_info=&#8220;{}&#8220;][et_pb_column type=&#8220;1_5&#8243; _builder_version=&#8220;4.16&#8243; custom_padding=&#8220;|||&#8220; global_colors_info=&#8220;{}&#8220; custom_padding__hover=&#8220;|||&#8220;][\/et_pb_column][et_pb_column type=&#8220;1_5&#8243; _builder_version=&#8220;4.16&#8243; custom_padding=&#8220;|||&#8220; global_colors_info=&#8220;{}&#8220; custom_padding__hover=&#8220;|||&#8220;][et_pb_blurb title=&#8220;Kooperation&#8220; image_icon_width=&#8220;none&#8220; admin_label=&#8220;Netzwerk&#8220; _builder_version=&#8220;4.16&#8243; background_size=&#8220;initial&#8220; background_position=&#8220;top_left&#8220; background_repeat=&#8220;repeat&#8220; image_max_width=&#8220;none&#8220; global_colors_info=&#8220;{}&#8220;][\/et_pb_blurb][et_pb_image src=&#8220;http:\/\/haus.konkreet.ch\/wp-content\/uploads\/2017\/04\/iks-logo_v2_einzeilig.png&#8220; alt=&#8220;iks Institut Kinderseele Schweiz&#8220; title_text=&#8220;iks Institut Kinderseele Schweiz&#8220; url=&#8220;http:\/\/www.iks-ies.ch\/&#8220; url_new_window=&#8220;on&#8220; align_tablet=&#8220;center&#8220; align_phone=&#8220;center&#8220; align_last_edited=&#8220;on|desktop&#8220; admin_label=&#8220;iks Institut Kinderseele Schweiz&#8220; _builder_version=&#8220;4.16&#8243; animation_style=&#8220;slide&#8220; animation_direction=&#8220;left&#8220; animation_duration=&#8220;500ms&#8220; animation_intensity_slide=&#8220;10%&#8220; border_width_all=&#8220;0px&#8220; border_color_all=&#8220;#ffffff&#8220; border_style_all=&#8220;solid&#8220; use_border_color=&#8220;on&#8220; global_colors_info=&#8220;{}&#8220;]&nbsp;<br \/>\n[\/et_pb_image][et_pb_image src=&#8220;http:\/\/haus.konkreet.ch\/wp-content\/uploads\/2022\/05\/logo_stiftung_rheinleben.jpg&#8220; url=&#8220;https:\/\/www.rheinleben.ch\/beratung\/anlaufstelle-angeh\u00f6rige\/&#8220; url_new_window=&#8220;on&#8220; align_tablet=&#8220;center&#8220; align_phone=&#8220;center&#8220; align_last_edited=&#8220;on|desktop&#8220; _builder_version=&#8220;4.16&#8243; animation_style=&#8220;slide&#8220; animation_direction=&#8220;left&#8220; animation_duration=&#8220;500ms&#8220; animation_intensity_slide=&#8220;10%&#8220; global_colors_info=&#8220;{}&#8220;]&nbsp;<br \/>\n[\/et_pb_image][\/et_pb_column][et_pb_column type=&#8220;1_5&#8243; _builder_version=&#8220;4.16&#8243; custom_padding=&#8220;|||&#8220; global_colors_info=&#8220;{}&#8220; custom_padding__hover=&#8220;|||&#8220;][et_pb_blurb title=&#8220;Netzwerk&#8220; image_icon_width=&#8220;none&#8220; admin_label=&#8220;Netzwerk&#8220; _builder_version=&#8220;4.16&#8243; background_size=&#8220;initial&#8220; background_position=&#8220;top_left&#8220; background_repeat=&#8220;repeat&#8220; image_max_width=&#8220;none&#8220; global_colors_info=&#8220;{}&#8220;]<\/p>\n<p>Unser Netzwerk ist \u00fcberregional und wird laufend ausgebaut.<\/p>\n<p>[\/et_pb_blurb][et_pb_image src=&#8220;http:\/\/haus.konkreet.ch\/wp-content\/uploads\/2023\/06\/Bildschirmfoto-2023-06-01-um-10.52.26.png&#8220; title_text=&#8220;Kinderprojekt Barca, Z\u00fcrich&#8220; url=&#8220;https:\/\/kinderprojekt-barca.ch&#8220; url_new_window=&#8220;on&#8220; align_tablet=&#8220;center&#8220; align_phone=&#8220;center&#8220; align_last_edited=&#8220;on|desktop&#8220; _builder_version=&#8220;4.20.0&#8243; animation_style=&#8220;slide&#8220; animation_direction=&#8220;left&#8220; animation_duration=&#8220;500ms&#8220; animation_intensity_slide=&#8220;10%&#8220; global_colors_info=&#8220;{}&#8220;]&nbsp;<br \/>\n[\/et_pb_image][et_pb_image src=&#8220;http:\/\/haus.konkreet.ch\/wp-content\/uploads\/2018\/08\/innovage-netzwerk.png&#8220; url=&#8220;https:\/\/www.innovage.ch\/standorte\/zentralschweiz\/&#8220; url_new_window=&#8220;on&#8220; align_tablet=&#8220;center&#8220; align_phone=&#8220;center&#8220; align_last_edited=&#8220;on|desktop&#8220; _builder_version=&#8220;4.16&#8243; animation_style=&#8220;slide&#8220; animation_direction=&#8220;left&#8220; animation_duration=&#8220;500ms&#8220; animation_intensity_slide=&#8220;10%&#8220; global_colors_info=&#8220;{}&#8220;]&nbsp;<br \/>\n[\/et_pb_image][et_pb_image src=&#8220;http:\/\/haus.konkreet.ch\/wp-content\/uploads\/2017\/04\/OW-FGF-Logo-cmyk.png&#8220; url=&#8220;http:\/\/www.gesellschaftsfragen.ow.ch&#8220; url_new_window=&#8220;on&#8220; align_tablet=&#8220;center&#8220; align_phone=&#8220;center&#8220; align_last_edited=&#8220;on|desktop&#8220; _builder_version=&#8220;4.16&#8243; animation_style=&#8220;slide&#8220; animation_direction=&#8220;left&#8220; animation_duration=&#8220;500ms&#8220; animation_intensity_slide=&#8220;10%&#8220; global_colors_info=&#8220;{}&#8220;]&nbsp;<br \/>\n[\/et_pb_image][\/et_pb_column][et_pb_column type=&#8220;1_5&#8243; _builder_version=&#8220;4.16&#8243; custom_padding=&#8220;|||&#8220; global_colors_info=&#8220;{}&#8220; custom_padding__hover=&#8220;|||&#8220;][et_pb_blurb title=&#8220;Spenden&#8220; image_icon_width=&#8220;none&#8220; admin_label=&#8220;Netzwerk&#8220; _builder_version=&#8220;4.20.0&#8243; background_size=&#8220;initial&#8220; background_position=&#8220;top_left&#8220; background_repeat=&#8220;repeat&#8220; image_max_width=&#8220;none&#8220; global_colors_info=&#8220;{}&#8220;]<\/p>\n<p>Herzlichen Dank auch an alle G\u00f6nner*innen, die anonym bleiben m\u00f6chten.<\/p>\n<p>[\/et_pb_blurb][et_pb_image src=&#8220;http:\/\/haus.konkreet.ch\/wp-content\/uploads\/2023\/06\/IDB_Fondation_Stiftung_4C.png&#8220; title_text=&#8220;IDB_Fondation_Stiftung_4C&#8220; url=&#8220;https:\/\/kinderprojekt-barca.ch&#8220; url_new_window=&#8220;on&#8220; align_tablet=&#8220;center&#8220; align_phone=&#8220;center&#8220; align_last_edited=&#8220;on|desktop&#8220; _builder_version=&#8220;4.20.0&#8243; animation_style=&#8220;slide&#8220; animation_direction=&#8220;left&#8220; animation_duration=&#8220;500ms&#8220; animation_intensity_slide=&#8220;10%&#8220; global_colors_info=&#8220;{}&#8220;]&nbsp;<br \/>\n[\/et_pb_image][\/et_pb_column][et_pb_column type=&#8220;1_5&#8243; _builder_version=&#8220;4.16&#8243; custom_padding=&#8220;|||&#8220; global_colors_info=&#8220;{}&#8220; custom_padding__hover=&#8220;|||&#8220;][\/et_pb_column][\/et_pb_row][et_pb_row admin_label=&#8220;row&#8220; _builder_version=&#8220;4.16&#8243; background_size=&#8220;initial&#8220; background_position=&#8220;top_left&#8220; background_repeat=&#8220;repeat&#8220; custom_margin=&#8220;|auto||auto||&#8220; custom_padding=&#8220;||0px|||&#8220; global_colors_info=&#8220;{}&#8220;][et_pb_column type=&#8220;4_4&#8243; _builder_version=&#8220;4.16&#8243; custom_padding=&#8220;|||&#8220; global_colors_info=&#8220;{}&#8220; custom_padding__hover=&#8220;|||&#8220;][et_pb_text admin_label=&#8220;Fragen &#038; Antworten (FAQ)&#8220; _builder_version=&#8220;4.16&#8243; custom_margin=&#8220;|||||&#8220; custom_padding=&#8220;0px|||||&#8220; global_colors_info=&#8220;{}&#8220;]<\/p>\n<h2>Team und Vorstand<\/h2>\n<p>[\/et_pb_text][\/et_pb_column][\/et_pb_row][et_pb_row column_structure=&#8220;1_3,1_3,1_3&#8243; admin_label=&#8220;row&#8220; _builder_version=&#8220;4.16&#8243; background_size=&#8220;initial&#8220; background_position=&#8220;top_left&#8220; background_repeat=&#8220;repeat&#8220; global_colors_info=&#8220;{}&#8220;][et_pb_column type=&#8220;1_3&#8243; _builder_version=&#8220;4.16&#8243; custom_padding=&#8220;|||&#8220; global_colors_info=&#8220;{}&#8220; custom_padding__hover=&#8220;|||&#8220;][et_pb_team_member name=&#8220;Sandra Marisa Tommasini&#8220; position=&#8220;Fachleitung&#8220; image_url=&#8220;http:\/\/haus.konkreet.ch\/wp-content\/uploads\/2020\/04\/2019-07-16_20_24_23_sandra-marisa_klein-e1587068576601.jpg&#8220; _builder_version=&#8220;4.20.0&#8243; background_size=&#8220;initial&#8220; background_position=&#8220;top_left&#8220; background_repeat=&#8220;repeat&#8220; hover_enabled=&#8220;0&#8243; global_colors_info=&#8220;{}&#8220; sticky_enabled=&#8220;0&#8243;][\/et_pb_team_member][\/et_pb_column][et_pb_column type=&#8220;1_3&#8243; _builder_version=&#8220;4.16&#8243; custom_padding=&#8220;|||&#8220; global_colors_info=&#8220;{}&#8220; custom_padding__hover=&#8220;|||&#8220;][et_pb_team_member name=&#8220;Susanne Vonarburg&#8220; position=&#8220;Fachleitung&#8220; image_url=&#8220;http:\/\/haus.konkreet.ch\/wp-content\/uploads\/2020\/04\/2019-07-16_20_25_17_susanne_klein-e1587068409304.jpg&#8220; _builder_version=&#8220;4.20.0&#8243; background_size=&#8220;initial&#8220; background_position=&#8220;top_left&#8220; background_repeat=&#8220;repeat&#8220; hover_enabled=&#8220;0&#8243; global_colors_info=&#8220;{}&#8220; sticky_enabled=&#8220;0&#8243;][\/et_pb_team_member][\/et_pb_column][et_pb_column type=&#8220;1_3&#8243; _builder_version=&#8220;4.16&#8243; custom_padding=&#8220;|||&#8220; global_colors_info=&#8220;{}&#8220; custom_padding__hover=&#8220;|||&#8220;][et_pb_team_member name=&#8220;Vorstand&#8220; image_url=&#8220;http:\/\/haus.konkreet.ch\/wp-content\/uploads\/2022\/07\/AdobeStock_111202048-1-1.jpeg&#8220; _builder_version=&#8220;4.20.0&#8243; background_size=&#8220;initial&#8220; background_position=&#8220;top_left&#8220; background_repeat=&#8220;repeat&#8220; global_colors_info=&#8220;{}&#8220;]<\/p>\n<p>Stephan Gisler<br \/>Jacqueline Holzer<br \/>Nicole Wettstein<\/p>\n<p>[\/et_pb_team_member][\/et_pb_column][\/et_pb_row][\/et_pb_section][et_pb_section fb_built=&#8220;1&#8243; module_id=&#8220;kontakt&#8220; _builder_version=&#8220;4.16&#8243; background_color=&#8220;#ded3e8&#8243; global_colors_info=&#8220;{}&#8220;][et_pb_row column_structure=&#8220;1_3,1_3,1_3&#8243; _builder_version=&#8220;4.16&#8243; background_size=&#8220;initial&#8220; background_position=&#8220;top_left&#8220; background_repeat=&#8220;repeat&#8220; global_colors_info=&#8220;{}&#8220;][et_pb_column type=&#8220;1_3&#8243; _builder_version=&#8220;4.16&#8243; custom_padding=&#8220;|||&#8220; global_colors_info=&#8220;{}&#8220; custom_padding__hover=&#8220;|||&#8220;][et_pb_blurb title=&#8220;Kontakt&#8220; disabled_on=&#8220;off|off|&#8220; admin_label=&#8220;Kontakt&#8220; _builder_version=&#8220;4.20.0&#8243; background_size=&#8220;initial&#8220; background_position=&#8220;top_left&#8220; background_repeat=&#8220;repeat&#8220; max_width_tablet=&#8220;50px&#8220; global_colors_info=&#8220;{}&#8220;]<\/p>\n<p><strong>Verein Haus konkreet<\/strong><br \/>Olten<\/p>\n<p><a href=\"mailto:team@haus.konkreet.ch\">team@haus.konkreet.ch<\/a><\/p>\n<p>[\/et_pb_blurb][\/et_pb_column][et_pb_column type=&#8220;1_3&#8243; _builder_version=&#8220;4.16&#8243; custom_padding=&#8220;|||&#8220; global_colors_info=&#8220;{}&#8220; custom_padding__hover=&#8220;|||&#8220;][et_pb_blurb image_icon_width=&#8220;none&#8220; admin_label=&#8220;Fachliche Leitung&#8220; _builder_version=&#8220;4.20.0&#8243; background_size=&#8220;initial&#8220; background_position=&#8220;top_left&#8220; background_repeat=&#8220;repeat&#8220; image_max_width=&#8220;none&#8220; global_colors_info=&#8220;{}&#8220;][\/et_pb_blurb][\/et_pb_column][et_pb_column type=&#8220;1_3&#8243; _builder_version=&#8220;4.16&#8243; custom_padding=&#8220;|||&#8220; global_colors_info=&#8220;{}&#8220; custom_padding__hover=&#8220;|||&#8220;][et_pb_blurb title=&#8220;Mitgliedschaft&#8220; admin_label=&#8220;Kommunikation&#8220; _builder_version=&#8220;4.16&#8243; background_size=&#8220;initial&#8220; background_position=&#8220;top_left&#8220; background_repeat=&#8220;repeat&#8220; max_width_tablet=&#8220;50px&#8220; global_colors_info=&#8220;{}&#8220;]<\/p>\n<p>Netzwerk Psychische Gesundheit Schweiz<\/p>\n<p>[\/et_pb_blurb][et_pb_image src=&#8220;http:\/\/haus.konkreet.ch\/wp-content\/uploads\/2019\/05\/csm_Logo_NPG__2__231e15ad7b.png&#8220; title_text=&#8220;Mitglied Netzwerk Psychische Gesundheit Schweiz&#8220; url=&#8220;https:\/\/www.npg-rsp.ch&#8220; url_new_window=&#8220;on&#8220; force_fullwidth=&#8220;on&#8220; align_tablet=&#8220;center&#8220; align_phone=&#8220;center&#8220; align_last_edited=&#8220;on|desktop&#8220; admin_label=&#8220;Logo Netzwerk psychische Gesundheit&#8220; _builder_version=&#8220;4.16&#8243; border_radii=&#8220;on|4px|4px|4px|4px&#8220; global_colors_info=&#8220;{}&#8220;][\/et_pb_image][\/et_pb_column][\/et_pb_row][\/et_pb_section]<\/p>\n","protected":false},"excerpt":{"rendered":"<p>F\u00fcr starke Wurzeln Der Verein Haus konkreet engagierte sich von 2017 bis 2025 im Bereich Pr\u00e4vention psychische Gesundheit von Kindern und Jugendlichen.Geschichchte des Vereins Haus konkreet 2017 &#8211; 2025 Verabschiedung mit DankbarkeitHinter jedem Verein stehen Menschen und hinter jedem Menschen steht eine Geschichte. Jede einzelne Person, welche sich in den vergangenen 8 Jahren f\u00fcr den [&hellip;]<\/p>\n","protected":false},"author":1,"featured_media":0,"parent":0,"menu_order":0,"comment_status":"closed","ping_status":"closed","template":"","meta":{"_et_pb_use_builder":"on","_et_pb_old_content":"","_et_gb_content_width":"","footnotes":""},"_links":{"self":[{"href":"https:\/\/haus.konkreet.ch\/index.php?rest_route=\/wp\/v2\/pages\/41"}],"collection":[{"href":"https:\/\/haus.konkreet.ch\/index.php?rest_route=\/wp\/v2\/pages"}],"about":[{"href":"https:\/\/haus.konkreet.ch\/index.php?rest_route=\/wp\/v2\/types\/page"}],"author":[{"embeddable":true,"href":"https:\/\/haus.konkreet.ch\/index.php?rest_route=\/wp\/v2\/users\/1"}],"replies":[{"embeddable":true,"href":"https:\/\/haus.konkreet.ch\/index.php?rest_route=%2Fwp%2Fv2%2Fcomments&post=41"}],"version-history":[{"count":549,"href":"https:\/\/haus.konkreet.ch\/index.php?rest_route=\/wp\/v2\/pages\/41\/revisions"}],"predecessor-version":[{"id":1025,"href":"https:\/\/haus.konkreet.ch\/index.php?rest_route=\/wp\/v2\/pages\/41\/revisions\/1025"}],"wp:attachment":[{"href":"https:\/\/haus.konkreet.ch\/index.php?rest_route=%2Fwp%2Fv2%2Fmedia&parent=41"}],"curies":[{"name":"wp","href":"https:\/\/api.w.org\/{rel}","templated":true}]}}